{"id":10051,"date":"2024-08-30T05:45:01","date_gmt":"2024-08-30T05:45:01","guid":{"rendered":"https:\/\/blog.seetal-chile.ch\/?post_type=seetal_chile_poscht&#038;p=10051"},"modified":"2024-08-30T05:45:03","modified_gmt":"2024-08-30T05:45:03","slug":"infos-zu-personen-14","status":"publish","type":"seetal_chile_poscht","link":"https:\/\/blog.seetal-chile.ch\/fr\/seetal_chile_poscht\/infos-zu-personen-14\/","title":{"rendered":"Infos sur les personnes"},"content":{"rendered":"<p>Les enfants suivants sont n\u00e9s :<\/p>\n\n\n\n<ul class=\"wp-block-list\">\n<li><strong>Romee Ellis Merz<\/strong> le 22 juillet (fille de Rebecca &amp; Sandro Merz, s\u0153ur de Sanna &amp; Enny).<\/li>\n\n\n\n<li><strong>Luisa Elena Probst<\/strong> le 27 juillet (fille de Hanna &amp; Tobias Probst, s\u0153ur de Sophia).<\/li>\n\n\n\n<li><strong>Leonelle Hugentobler<\/strong> le 07\/08 (fille de Debora &amp; Patrick, s\u0153ur de Nelyo &amp; Maivie).<\/li>\n\n\n\n<li><strong>Malou Eyla Roth<\/strong> le 17\/08 (fille de Cornelia &amp; Damian Roth).<\/li>\n\n\n\n<li><strong>Emilia Hauser<\/strong> le 22 ao\u00fbt (fille de Melanie &amp; Dominik Hauser).<\/li>\n<\/ul>\n\n\n\n<p>Nous souhaitons aux 5 filles ( !) et \u00e0 leurs familles les riches b\u00e9n\u00e9dictions de Dieu.<\/p>\n\n\n\n<p><strong>Theresa Lay<\/strong> et <strong>Viktor D\u00fcck<\/strong> nous nous marions le 28 septembre 2024 en Frise orientale. De tout c\u0153ur, nous vous souhaitons les riches b\u00e9n\u00e9dictions de Dieu !<\/p>\n\n\n\n<p>Comme il n'y a pas eu d'opposition, nous pouvons <strong>Eveliina Franz <\/strong>accueillir chaleureusement comme nouveau membre. Nous nous r\u00e9jouissons de cette \u00e9tape d'engagement ! <strong>Tim Grossenbacher <\/strong>et <strong>Manuel Grossenbacher<\/strong> demandent \u00e9galement \u00e0 devenir membres. Nous nous en r\u00e9jouissons et ouvrons ainsi la p\u00e9riode d'opposition de deux semaines pour nos membres.<\/p>\n\n\n\n<p><strong>Timon Altwegg <\/strong>s'envole pour Hawaii \u00e0 la mi-septembre. L\u00e0-bas, il fait de la comp\u00e9tition. <em>Surfing the Nations<\/em> une \u00e9cole de disciple de trois mois. Cela comprend \u00e9galement des missions de diaconie sociale. <strong>Jana Fischer<\/strong> se rendra en Nouvelle-Z\u00e9lande fin septembre. L\u00e0-bas, elle fait un stage chez <em>Jeunesse en mission <\/em>une \u00e9cole de disciple de trois mois suivie d'un engagement de dix semaines. Nous leur souhaitons \u00e0 tous deux de riches b\u00e9n\u00e9dictions de Dieu, de nouvelles connaissances et beaucoup de bonnes rencontres.<\/p>\n\n\n\n<p><strong>Matthias Staehelin<\/strong> a \u00e9t\u00e9 \u00e9lu le 6 juillet comme successeur de Hans D\u00f6ssegger au conseil de la fondation Chrischona Heime Z\u00fcrich. La fondation g\u00e8re entre autres un immeuble au centre de Zurich. Le locataire est VBG, qui travaille dans les \u00e9coles sup\u00e9rieures et les universit\u00e9s. <strong>Barbara Grossenbacher, Leonie Altwegg, Silvan Senn <\/strong>et<strong> Melanie Hauser <\/strong>s'engagent dans la nouvelle offre glow Preteens<strong>. Nicola Sigg &amp; Anisha Hunziker<\/strong> enrichissent d\u00e9sormais l'\u00e9quipe glow Next<strong>. Arianne Hasler <\/strong>a rejoint l'\u00e9quipe de pri\u00e8re. Nouveau dans l'\u00e9quipe d'accueil livestream : <strong>Adrian Hasler<\/strong>, <strong>Rahel Beck<\/strong>, <strong>Ren\u00e9 Gr\u00f6ber<\/strong> et <strong>Nils Janshon<\/strong>.<\/p>","protected":false},"author":4,"featured_media":0,"template":"","seetal_chile_poscht_ausgabe":[],"class_list":["post-10051","seetal_chile_poscht","type-seetal_chile_poscht","status-publish","hentry"],"acf":[],"_links":{"self":[{"href":"https:\/\/blog.seetal-chile.ch\/fr\/wp-json\/wp\/v2\/seetal_chile_poscht\/10051","targetHints":{"allow":["GET"]}}],"collection":[{"href":"https:\/\/blog.seetal-chile.ch\/fr\/wp-json\/wp\/v2\/seetal_chile_poscht"}],"about":[{"href":"https:\/\/blog.seetal-chile.ch\/fr\/wp-json\/wp\/v2\/types\/seetal_chile_poscht"}],"author":[{"embeddable":true,"href":"https:\/\/blog.seetal-chile.ch\/fr\/wp-json\/wp\/v2\/users\/4"}],"version-history":[{"count":1,"href":"https:\/\/blog.seetal-chile.ch\/fr\/wp-json\/wp\/v2\/seetal_chile_poscht\/10051\/revisions"}],"predecessor-version":[{"id":10052,"href":"https:\/\/blog.seetal-chile.ch\/fr\/wp-json\/wp\/v2\/seetal_chile_poscht\/10051\/revisions\/10052"}],"wp:attachment":[{"href":"https:\/\/blog.seetal-chile.ch\/fr\/wp-json\/wp\/v2\/media?parent=10051"}],"wp:term":[{"taxonomy":"seetal_chile_poscht_ausgabe","embeddable":true,"href":"https:\/\/blog.seetal-chile.ch\/fr\/wp-json\/wp\/v2\/seetal_chile_poscht_ausgabe?post=10051"}],"curies":[{"name":"wp","href":"https:\/\/api.w.org\/{rel}","templated":true}]}}