{"id":10310,"date":"2024-11-28T16:56:49","date_gmt":"2024-11-28T15:56:49","guid":{"rendered":"https:\/\/blog.seetal-chile.ch\/?post_type=seetal_chile_poscht&#038;p=10310"},"modified":"2024-11-28T16:56:50","modified_gmt":"2024-11-28T15:56:50","slug":"tirza-zuercher-fia-heimteam","status":"publish","type":"seetal_chile_poscht","link":"https:\/\/blog.seetal-chile.ch\/fr\/seetal_chile_poscht\/tirza-zuercher-fia-heimteam\/","title":{"rendered":"Tirza Z\u00fcrcher, FiA \u00e9quipe \u00e0 domicile"},"content":{"rendered":"<p>C'est bient\u00f4t No\u00ebl ! - As-tu d\u00e9j\u00e0 \u00e9crit ta liste de souhaits ?<\/p>\n\n\n\n<p>J'ai \u00e9crit une liste de souhaits de la FiA et de l'\u00e9quipe \u00e0 domicile - non pas au P\u00e8re No\u00ebl, mais \u00e0 Dieu en personne. Peux-tu prier avec moi pour que ces souhaits se r\u00e9alisent ?<\/p>\n\n\n\n<p>Je souhaite<\/p>\n\n\n\n<p>... que nos amis du service ext\u00e9rieur (FiA) et nous, les amis du service int\u00e9rieur, puissions \u00eatre des outils entre les mains de Dieu, afin que s'accomplisse ce que les anges annon\u00e7aient alors : \".<em>Gloire \u00e0 Dieu au plus haut des cieux et paix sur la terre parmi les hommes qu'il aime<\/em>\" (Luc 2,14)<\/p>\n\n\n\n<p>... que nos FiA trouvent naturellement des portes ouvertes pour annoncer la bonne nouvelle de la cr\u00e8che, de la croix et de la couronne de notre Seigneur J\u00e9sus<\/p>\n\n\n\n<p>... que le Saint-Esprit atteigne les gens de toutes les nations et g\u00e9n\u00e9rations avec cette bonne nouvelle et les sauve de la perdition<\/p>\n\n\n\n<p>... que Dieu, le Tout-Puissant, prot\u00e8ge notre FiA du mal sous toutes ses formes<\/p>\n\n\n\n<p>... la sagesse, la direction et la joie pour les personnes de contact de la FiA dans leur t\u00e2che<\/p>\n\n\n\n<p>... quelqu'un ou quelques personnes avec des id\u00e9es cr\u00e9atives pour les salutations de la communaut\u00e9 \u00e0 notre FiA en 2025, aussi quelqu'un qui est \u00e0 l'aise avec les nouveaux moyens de communication<\/p>\n\n\n\n<p>... un nouveau souffle pour la direction de l'\u00e9quipe \u00e0 domicile : personne(s) qui a(ont) ou aura(ont) \u00e0 c\u0153ur le service ext\u00e9rieur, qui participera(ont) \u00e0 la direction de l'\u00e9quipe \u00e0 partir de 2025 ou qui la prendra enti\u00e8rement en charge.<\/p>\n\n\n\n<p>Merci pour tout ton soutien \u00e0 notre service ext\u00e9rieur par la pri\u00e8re, l'encouragement, l'amiti\u00e9, le contact, les finances, la r\u00e9flexion, etc. au cours de l'ann\u00e9e qui s'ach\u00e8ve !<\/p>","protected":false},"author":41,"featured_media":0,"template":"","seetal_chile_poscht_ausgabe":[],"class_list":["post-10310","seetal_chile_poscht","type-seetal_chile_poscht","status-publish","hentry"],"acf":[],"_links":{"self":[{"href":"https:\/\/blog.seetal-chile.ch\/fr\/wp-json\/wp\/v2\/seetal_chile_poscht\/10310","targetHints":{"allow":["GET"]}}],"collection":[{"href":"https:\/\/blog.seetal-chile.ch\/fr\/wp-json\/wp\/v2\/seetal_chile_poscht"}],"about":[{"href":"https:\/\/blog.seetal-chile.ch\/fr\/wp-json\/wp\/v2\/types\/seetal_chile_poscht"}],"author":[{"embeddable":true,"href":"https:\/\/blog.seetal-chile.ch\/fr\/wp-json\/wp\/v2\/users\/41"}],"version-history":[{"count":1,"href":"https:\/\/blog.seetal-chile.ch\/fr\/wp-json\/wp\/v2\/seetal_chile_poscht\/10310\/revisions"}],"predecessor-version":[{"id":10311,"href":"https:\/\/blog.seetal-chile.ch\/fr\/wp-json\/wp\/v2\/seetal_chile_poscht\/10310\/revisions\/10311"}],"wp:attachment":[{"href":"https:\/\/blog.seetal-chile.ch\/fr\/wp-json\/wp\/v2\/media?parent=10310"}],"wp:term":[{"taxonomy":"seetal_chile_poscht_ausgabe","embeddable":true,"href":"https:\/\/blog.seetal-chile.ch\/fr\/wp-json\/wp\/v2\/seetal_chile_poscht_ausgabe?post=10310"}],"curies":[{"name":"wp","href":"https:\/\/api.w.org\/{rel}","templated":true}]}}