{"id":10835,"date":"2025-05-30T08:52:26","date_gmt":"2025-05-30T06:52:26","guid":{"rendered":"https:\/\/blog.seetal-chile.ch\/?post_type=seetal_chile_poscht&#038;p=10835"},"modified":"2025-05-30T08:52:27","modified_gmt":"2025-05-30T06:52:27","slug":"infos-zu-personen-23","status":"publish","type":"seetal_chile_poscht","link":"https:\/\/blog.seetal-chile.ch\/fr\/seetal_chile_poscht\/infos-zu-personen-23\/","title":{"rendered":"Infos sur les personnes"},"content":{"rendered":"<p>Le 8 mai, Meik et Alisa Ramseier ont eu le plaisir d'accueillir leur fils. <strong>Nathan Matthis Ramseier<\/strong> pour la premi\u00e8re fois dans les bras. Johanna et Helena ont eu un petit fr\u00e8re. De tout c\u0153ur, nous souhaitons \u00e0 toute la famille la b\u00e9n\u00e9diction de Dieu !<\/p>\n\n\n\n<p><strong>Ruedi Kunz<\/strong> a pu rentrer chez lui aupr\u00e8s de son Cr\u00e9ateur et P\u00e8re c\u00e9leste le 21 mai 2025. Ruedi a \u00e9t\u00e9 un pilier important de notre \u00e9glise pendant de nombreuses d\u00e9cennies. Nous souhaitons \u00e0 tous ses proches et amis de faire l'exp\u00e9rience de la proximit\u00e9 et du r\u00e9confort de Dieu.<\/p>\n\n\n\n<p><strong>Miriam Oberholzer<\/strong> est d\u00e9sormais responsable de la cuisine (et fait \u00e9galement partie de l'\u00e9quipe de direction du bistrot). <strong>Hadassa Zollinger<\/strong> s'est install\u00e9e en Suisse centrale apr\u00e8s son mariage. C'est pourquoi elle quitte son poste de directrice de Lifegroup et <strong>Steffi Altwegg<\/strong> reprend son Lifegroup <strong>Chiara Adam<\/strong> passe de glow Next \u00e0 l'\u00e9quipe de garde d'enfants. <strong>Andrea Schmid<\/strong> se retire de la collaboration avec la Sisterhood. Dans l'\u00e9quipe du Zieschtigs-Kafi, elle prend la rel\u00e8ve <strong>Seraina Gugger<\/strong> la place de <strong>Esthi Wildi<\/strong>. <strong>Barbara Urech<\/strong> termine son engagement dans l'\u00e9quipe de d\u00e9coration. Un grand merci pour vos ann\u00e9es d'engagement ! A tous ceux qui commencent, bon d\u00e9but dans leur nouvelle t\u00e2che.<\/p>\n\n\n\n<p><strong>Timon Altwegg<\/strong> suivra \u00e0 partir de l'automne 2025 des cours de th\u00e9ologie par correspondance \u00e0 l'IGW de Zurich. Il suivra b\u00e9n\u00e9volement la partie pratique de ses \u00e9tudes en alternance au sein de seetal chile. Notre t\u00e2che consiste \u00e0 l'accompagner professionnellement et personnellement et \u00e0 payer la contribution de l'\u00e9glise \u00e0 ses \u00e9tudes, comme l'exige IGW. Nous faisons de m\u00eame pour Jonas Hauser. Comme cela se fait avec la d\u00eeme, cela n'a pas d'impact sur le budget. Nous nous r\u00e9jouissons de voir des jeunes se pr\u00e9parer sp\u00e9cialement pour travailler dans le royaume de Dieu.<\/p>","protected":false},"author":4,"featured_media":0,"template":"","seetal_chile_poscht_ausgabe":[102],"class_list":["post-10835","seetal_chile_poscht","type-seetal_chile_poscht","status-publish","hentry","seetal_chile_poscht_ausgabe-seetal-chile-poscht-06-2025-73240253-3479-46f2-8e56-d7fc5aa4dff1"],"acf":[],"_links":{"self":[{"href":"https:\/\/blog.seetal-chile.ch\/fr\/wp-json\/wp\/v2\/seetal_chile_poscht\/10835","targetHints":{"allow":["GET"]}}],"collection":[{"href":"https:\/\/blog.seetal-chile.ch\/fr\/wp-json\/wp\/v2\/seetal_chile_poscht"}],"about":[{"href":"https:\/\/blog.seetal-chile.ch\/fr\/wp-json\/wp\/v2\/types\/seetal_chile_poscht"}],"author":[{"embeddable":true,"href":"https:\/\/blog.seetal-chile.ch\/fr\/wp-json\/wp\/v2\/users\/4"}],"version-history":[{"count":1,"href":"https:\/\/blog.seetal-chile.ch\/fr\/wp-json\/wp\/v2\/seetal_chile_poscht\/10835\/revisions"}],"predecessor-version":[{"id":10836,"href":"https:\/\/blog.seetal-chile.ch\/fr\/wp-json\/wp\/v2\/seetal_chile_poscht\/10835\/revisions\/10836"}],"wp:attachment":[{"href":"https:\/\/blog.seetal-chile.ch\/fr\/wp-json\/wp\/v2\/media?parent=10835"}],"wp:term":[{"taxonomy":"seetal_chile_poscht_ausgabe","embeddable":true,"href":"https:\/\/blog.seetal-chile.ch\/fr\/wp-json\/wp\/v2\/seetal_chile_poscht_ausgabe?post=10835"}],"curies":[{"name":"wp","href":"https:\/\/api.w.org\/{rel}","templated":true}]}}