{"id":10845,"date":"2025-05-30T08:56:48","date_gmt":"2025-05-30T06:56:48","guid":{"rendered":"https:\/\/blog.seetal-chile.ch\/?post_type=seetal_chile_poscht&#038;p=10845"},"modified":"2025-05-30T08:56:49","modified_gmt":"2025-05-30T06:56:49","slug":"liebe-freunde-der-seetal-chile-23","status":"publish","type":"seetal_chile_poscht","link":"https:\/\/blog.seetal-chile.ch\/fr\/seetal_chile_poscht\/liebe-freunde-der-seetal-chile-23\/","title":{"rendered":"Chers amis de la seetal chile"},"content":{"rendered":"<p>Depuis quelque temps, il y a dans l'entr\u00e9e de la seetal chile \u00e0 l'info egge une \u00e9tag\u00e8re avec des fils amusants et des foulards dessus - certains se demandent peut-\u00eatre de quoi il s'agit. D'autres mettent la main \u00e0 la p\u00e2te de temps en temps. Ce qui s'est d\u00e9velopp\u00e9 de mani\u00e8re color\u00e9e au fil des mois, c'est un cadre de tissage. Celui-ci est un symbole pour le temps pass\u00e9 ici sur terre en tant que disciple de J\u00e9sus. J\u00e9sus est retourn\u00e9 chez son p\u00e8re et pr\u00e9pare maintenant des logements pour ses disciples. Ceux-ci tissent \u00e0 leur tour une tapisserie avec leur vie. C'est-\u00e0-dire qu'ils orientent leur vie vers J\u00e9sus-Christ et essaient de fa\u00e7onner leur vie \u00e0 partir de lui. Il ne s'agit pas de gagner l'approbation de J\u00e9sus-Christ avec mon mode de vie, mais l'action, le faire et l'\u00eatre d'un disciple de J\u00e9sus refl\u00e8tent la relation avec J\u00e9sus. C'est le r\u00e9sultat de cette relation.<\/p>\n\n\n\n<p>Cela fait d\u00e9j\u00e0 cinq mois que nous sommes en route avec notre th\u00e8me annuel \"EIFACH muetig - avec J\u00e9sus comme mod\u00e8le\". Dans quel domaine as-tu d\u00e9j\u00e0 fait des pas dans ta vie de disciple ? Quelque chose de nouveau est en cours ? Le cadre de tissage est exactement ce qu'il te faut. Tu peux tisser une pi\u00e8ce de textile comme signe de ton avanc\u00e9e dans la foi. Cette illustration peut t'aider \u00e0 aborder la question de mani\u00e8re plus globale - en tissant symboliquement (main) la d\u00e9cision int\u00e9rieure qui s'est produite dans tes sentiments (c\u0153ur) et dans ton esprit (t\u00eate).<\/p>\n\n\n\n<p>Le sujet qui me pr\u00e9occupe depuis longtemps est la s\u00e9r\u00e9nit\u00e9. Elle me fait souvent d\u00e9faut, en particulier dans mes relations avec les personnes qui me sont les plus proches. Un pas concret dans ce sens est que je laisse mon t\u00e9l\u00e9phone portable de c\u00f4t\u00e9. Ainsi, je vis plus dans le pr\u00e9sent, je vais au lit plus t\u00f4t et, accessoirement, je remarque qu'une l\u00e9g\u00e8re s\u00e9r\u00e9nit\u00e9 s'installe dans ma vie... Je tisse ma vie - o\u00f9 es-tu en train de tisser ?<\/p>\n\n\n\n<p>Ce qui est bien avec ce projet collectif, c'est qu'il me montre que je ne suis pas seul. Il y a d'autres personnes qui s'en occupent. Ils font des petits pas, des grands pas dans leur vie de disciple. Au final, on obtient un beau tapis color\u00e9 - un chef-d'\u0153uvre \u00e0 la gloire de Dieu.<\/p>","protected":false},"author":41,"featured_media":0,"template":"","seetal_chile_poscht_ausgabe":[102],"class_list":["post-10845","seetal_chile_poscht","type-seetal_chile_poscht","status-publish","hentry","seetal_chile_poscht_ausgabe-seetal-chile-poscht-06-2025-73240253-3479-46f2-8e56-d7fc5aa4dff1"],"acf":[],"_links":{"self":[{"href":"https:\/\/blog.seetal-chile.ch\/fr\/wp-json\/wp\/v2\/seetal_chile_poscht\/10845","targetHints":{"allow":["GET"]}}],"collection":[{"href":"https:\/\/blog.seetal-chile.ch\/fr\/wp-json\/wp\/v2\/seetal_chile_poscht"}],"about":[{"href":"https:\/\/blog.seetal-chile.ch\/fr\/wp-json\/wp\/v2\/types\/seetal_chile_poscht"}],"author":[{"embeddable":true,"href":"https:\/\/blog.seetal-chile.ch\/fr\/wp-json\/wp\/v2\/users\/41"}],"version-history":[{"count":1,"href":"https:\/\/blog.seetal-chile.ch\/fr\/wp-json\/wp\/v2\/seetal_chile_poscht\/10845\/revisions"}],"predecessor-version":[{"id":10846,"href":"https:\/\/blog.seetal-chile.ch\/fr\/wp-json\/wp\/v2\/seetal_chile_poscht\/10845\/revisions\/10846"}],"wp:attachment":[{"href":"https:\/\/blog.seetal-chile.ch\/fr\/wp-json\/wp\/v2\/media?parent=10845"}],"wp:term":[{"taxonomy":"seetal_chile_poscht_ausgabe","embeddable":true,"href":"https:\/\/blog.seetal-chile.ch\/fr\/wp-json\/wp\/v2\/seetal_chile_poscht_ausgabe?post=10845"}],"curies":[{"name":"wp","href":"https:\/\/api.w.org\/{rel}","templated":true}]}}