{"id":11299,"date":"2025-11-28T07:54:56","date_gmt":"2025-11-28T06:54:56","guid":{"rendered":"https:\/\/blog.seetal-chile.ch\/?post_type=seetal_chile_poscht&#038;p=11299"},"modified":"2025-11-28T07:54:57","modified_gmt":"2025-11-28T06:54:57","slug":"freiwilligenarbeit-entfalten","status":"publish","type":"seetal_chile_poscht","link":"https:\/\/blog.seetal-chile.ch\/fr\/seetal_chile_poscht\/freiwilligenarbeit-entfalten\/","title":{"rendered":"D\u00e9velopper le b\u00e9n\u00e9volat"},"content":{"rendered":"<p>Le b\u00e9n\u00e9volat est au c\u0153ur de notre communaut\u00e9 depuis des ann\u00e9es. Il marche bien et fa\u00e7onne notre vie commune. Mais avec la croissance de seetal chile et l'augmentation des t\u00e2ches, on a aussi envie de d\u00e9velopper le b\u00e9n\u00e9volat et de le renforcer pour l'avenir. C'est pourquoi, le 3 novembre 2025, la VL a d\u00e9cid\u00e9 de lancer l'initiative \u00ab D\u00e9velopper le b\u00e9n\u00e9volat \u00bb.<\/p>\n\n\n\n<p>Notre priorit\u00e9, c'est de soutenir nos chefs d'\u00e9quipe et nos collaborateurs. Pour mieux les aider et \u00e9largir notre champ d'action, la responsabilit\u00e9 du b\u00e9n\u00e9volat est d\u00e9sormais r\u00e9partie entre cinq chefs d'unit\u00e9 fonctionnelle (FEL), dont font aussi partie nos pasteurs. Cette nouvelle structure tient compte de la croissance de notre communaut\u00e9 et soulage en m\u00eame temps les pasteurs, qui peuvent ainsi se concentrer davantage sur leurs t\u00e2ches principales. Les chefs d'\u00e9quipe seront bient\u00f4t inform\u00e9s de leurs nouvelles responsabilit\u00e9s.<\/p>\n\n\n\n<p>Les objectifs de cette initiative sont clairs : les chefs d'\u00e9quipe doivent se sentir mieux accompagn\u00e9s, et les b\u00e9n\u00e9voles doivent \u00eatre plus motiv\u00e9s et satisfaits. Chacun doit pouvoir r\u00e9aliser \u00e0 quel point sa contribution est pr\u00e9cieuse pour la vie et le d\u00e9veloppement de seetal chile. On esp\u00e8re que de plus en plus de gens dans notre communaut\u00e9 d\u00e9couvriront que le culte ne se limite pas au dimanche, mais qu'il se d\u00e9roule partout o\u00f9 on construit ensemble le royaume de Dieu.<\/p>\n\n\n\n<p>Il sera aussi plus facile de bosser \u00e0 temps partiel ou comme int\u00e9rimaire. Cette offre sera mise en ligne sur notre plateforme d\u00e9di\u00e9e aux collaborateurs dans les prochaines semaines.<\/p>\n\n\n\n<p>En ce moment, les chefs des unit\u00e9s fonctionnelles bossent sur le contenu et pr\u00e9parent une formation pour tous les chefs d'\u00e9quipe au premier trimestre 2026.<\/p>","protected":false},"author":64,"featured_media":0,"template":"","seetal_chile_poscht_ausgabe":[107],"class_list":["post-11299","seetal_chile_poscht","type-seetal_chile_poscht","status-publish","hentry","seetal_chile_poscht_ausgabe-seetal-chile-poscht-12-2025-c7a348aa-c7cd-46d6-a85c-e498c0ec0d4f"],"acf":[],"_links":{"self":[{"href":"https:\/\/blog.seetal-chile.ch\/fr\/wp-json\/wp\/v2\/seetal_chile_poscht\/11299","targetHints":{"allow":["GET"]}}],"collection":[{"href":"https:\/\/blog.seetal-chile.ch\/fr\/wp-json\/wp\/v2\/seetal_chile_poscht"}],"about":[{"href":"https:\/\/blog.seetal-chile.ch\/fr\/wp-json\/wp\/v2\/types\/seetal_chile_poscht"}],"author":[{"embeddable":true,"href":"https:\/\/blog.seetal-chile.ch\/fr\/wp-json\/wp\/v2\/users\/64"}],"version-history":[{"count":1,"href":"https:\/\/blog.seetal-chile.ch\/fr\/wp-json\/wp\/v2\/seetal_chile_poscht\/11299\/revisions"}],"predecessor-version":[{"id":11300,"href":"https:\/\/blog.seetal-chile.ch\/fr\/wp-json\/wp\/v2\/seetal_chile_poscht\/11299\/revisions\/11300"}],"wp:attachment":[{"href":"https:\/\/blog.seetal-chile.ch\/fr\/wp-json\/wp\/v2\/media?parent=11299"}],"wp:term":[{"taxonomy":"seetal_chile_poscht_ausgabe","embeddable":true,"href":"https:\/\/blog.seetal-chile.ch\/fr\/wp-json\/wp\/v2\/seetal_chile_poscht_ausgabe?post=11299"}],"curies":[{"name":"wp","href":"https:\/\/api.w.org\/{rel}","templated":true}]}}