{"id":11725,"date":"2026-03-27T07:47:56","date_gmt":"2026-03-27T06:47:56","guid":{"rendered":"https:\/\/blog.seetal-chile.ch\/?post_type=seetal_chile_poscht&#038;p=11725"},"modified":"2026-03-27T07:47:56","modified_gmt":"2026-03-27T06:47:56","slug":"infos-zu-personen-46","status":"publish","type":"seetal_chile_poscht","link":"https:\/\/blog.seetal-chile.ch\/fr\/seetal_chile_poscht\/infos-zu-personen-46\/","title":{"rendered":"Infos sur les personnes"},"content":{"rendered":"<p><strong>Yaira<\/strong> konnte es am 28. Februar kaum erwarten, endlich in die Arme von <strong>Deborah et Simon Schreiber<\/strong> geschlossen werden. Zusammen mit Schwester Soley bilden sie nun eine vierk\u00f6pfige Familie. Das gleiche Wunder erlebte Familie Adam am 13. M\u00e4rz. Chiara und Tobias mit Nalea Elisa durften zum ersten Mal ihren Sohn <strong>Lino Elijah<\/strong> von Angesicht zu Angesicht bestaunen. Beiden Familien w\u00fcnschen wir Gottes reichen Segen!<\/p>\n\n\n\n<p>Pour <strong>Deby<\/strong> <strong>Schreiber<\/strong> hat somit die sechsmonatige Auszeit von ihrer Arbeit als Verantwortliche Kids bei uns in der seetal chile begonnen. Anfang September wird sie motiviert wieder ihre Arbeit f\u00fcr unsere Kids aufnehmen.<\/p>\n\n\n\n<p>Nous sommes heureux de pouvoir dire qu'apr\u00e8s un d\u00e9lai d'opposition \u00abr\u00e9ussi\u00bb, nous avons <strong>Andreas &amp; Mirjam D\u00e4twyler<\/strong> ainsi que <strong>Daniel, Jeanine und Zo\u00e9 Rindlisbacher<\/strong> als neue Mitglieder unter uns begr\u00fcssen d\u00fcrfen!<\/p>\n\n\n\n<p><strong>Brigitte Friess-Erdelt<\/strong> beantragt die Mitgliedschaft bei der seetal chile. Wir freuen uns sehr dar\u00fcber und er\u00f6ffnen somit die 14-t\u00e4gige Frist, w\u00e4hrend der bisherige Mitglieder Einsprache erheben k\u00f6nnen.<\/p>\n\n\n\n<p><strong>Tytus Bieri<\/strong> et <strong>Raphael Pl\u00fcss<\/strong> arbeiten neu bei den glow Murmeli mit. <strong>Rahel Beck<\/strong> ist neu Teamleiterin der Gastgeber Livestream, <strong>Ren\u00e9 Gr\u00f6ber<\/strong> ist ihr Stellvertreter. <strong>Daniel Fuchs<\/strong> hilft neu beim \u00dcbersetzen in Hochdeutsch mit. Herzlichen Dank beim Mitmachen in dieser Art von Gottesdienst, in der Freiwilligenarbeit.<\/p>","protected":false},"author":4,"featured_media":0,"template":"","seetal_chile_poscht_ausgabe":[111],"class_list":["post-11725","seetal_chile_poscht","type-seetal_chile_poscht","status-publish","hentry","seetal_chile_poscht_ausgabe-seetal-chile-poscht-04-2026-cab70c22-749d-4fc3-b676-8b45ed47bd04"],"acf":[],"_links":{"self":[{"href":"https:\/\/blog.seetal-chile.ch\/fr\/wp-json\/wp\/v2\/seetal_chile_poscht\/11725","targetHints":{"allow":["GET"]}}],"collection":[{"href":"https:\/\/blog.seetal-chile.ch\/fr\/wp-json\/wp\/v2\/seetal_chile_poscht"}],"about":[{"href":"https:\/\/blog.seetal-chile.ch\/fr\/wp-json\/wp\/v2\/types\/seetal_chile_poscht"}],"author":[{"embeddable":true,"href":"https:\/\/blog.seetal-chile.ch\/fr\/wp-json\/wp\/v2\/users\/4"}],"version-history":[{"count":1,"href":"https:\/\/blog.seetal-chile.ch\/fr\/wp-json\/wp\/v2\/seetal_chile_poscht\/11725\/revisions"}],"predecessor-version":[{"id":11726,"href":"https:\/\/blog.seetal-chile.ch\/fr\/wp-json\/wp\/v2\/seetal_chile_poscht\/11725\/revisions\/11726"}],"wp:attachment":[{"href":"https:\/\/blog.seetal-chile.ch\/fr\/wp-json\/wp\/v2\/media?parent=11725"}],"wp:term":[{"taxonomy":"seetal_chile_poscht_ausgabe","embeddable":true,"href":"https:\/\/blog.seetal-chile.ch\/fr\/wp-json\/wp\/v2\/seetal_chile_poscht_ausgabe?post=11725"}],"curies":[{"name":"wp","href":"https:\/\/api.w.org\/{rel}","templated":true}]}}