{"id":7718,"date":"2022-12-27T10:05:58","date_gmt":"2022-12-27T10:05:58","guid":{"rendered":"https:\/\/blog.seetal-chile.ch\/?post_type=seetal_chile_poscht&#038;p=7718"},"modified":"2022-12-28T09:24:54","modified_gmt":"2022-12-28T09:24:54","slug":"liebe-freunde-der-seetal-chile-37","status":"publish","type":"seetal_chile_poscht","link":"https:\/\/blog.seetal-chile.ch\/fr\/seetal_chile_poscht\/liebe-freunde-der-seetal-chile-37\/","title":{"rendered":"Chers amis de la seetal chile"},"content":{"rendered":"<p>Lors de la derni\u00e8re r\u00e9union d'\u00e9glise, la question a \u00e9t\u00e9 soulev\u00e9e de savoir comment les responsables d'\u00e9glise discernent la volont\u00e9 de Dieu. C'est une question vitale pour une \u00e9glise ! C'est pourquoi je donne volontiers des informations sur les facteurs qui entrent en jeu :<\/p>\n\n\n\n<ul class=\"wp-block-list\">\n<li>Nous pla\u00e7ons chaque session sous la direction de l'Esprit Saint. De plus, les dates sont toujours inscrites dans le calendrier de pri\u00e8re. Nous partons du principe que beaucoup prieront pour nous.<\/li>\n\n\n\n<li>Lors de nos r\u00e9unions de pri\u00e8re, par exemple lors de la pri\u00e8re matinale du samedi, nous prions r\u00e9guli\u00e8rement pour la direction de l'\u00e9glise. Nous esp\u00e9rons que chez beaucoup, il y a une place pour la GL dans leurs pri\u00e8res personnelles.<\/li>\n\n\n\n<li>Nous ne prenons une d\u00e9cision que lorsque nous sommes parvenus \u00e0 une opinion unanime en tant que comit\u00e9 de sept personnes.<\/li>\n\n\n\n<li>Nous nous consid\u00e9rons comme une troupe appel\u00e9e par Dieu et par les membres dans une t\u00e2che, qui est dot\u00e9e d'une autorit\u00e9 minist\u00e9rielle.<\/li>\n<\/ul>\n\n\n\n<p>Nous ne nous pr\u00e9senterons jamais devant l'assembl\u00e9e en pr\u00e9tendant que nos d\u00e9cisions sont des directives directes du ciel. Ce serait manipulateur et r\u00e9duirait l'\u00e9glise \u00e0 l'impuissance. Notre objectif est que chaque disciple de J\u00e9sus, rempli de l'Esprit Saint, se mette lui-m\u00eame sur la piste de la volont\u00e9 de Dieu.<\/p>\n\n\n\n<p>Maintenant, je veux renverser la vapeur et demander comment tu peux reconna\u00eetre la volont\u00e9 de Dieu, par exemple dans une AG controvers\u00e9e ?<\/p>\n\n\n\n<ul class=\"wp-block-list\">\n<li>Cela vaut la peine d'\u00e9couter attentivement et d'examiner l'opinion de la direction (H\u00e9breux 13,17). Comme nous venons de le dire, tu as une longueur d'avance en \u00e9coutant Dieu.<\/li>\n\n\n\n<li>Pour le reste, il faut \u00e9couter les diff\u00e9rentes opinions. Ensuite, il faut trouver o\u00f9 se trouve la perspective du royaume de Dieu. Pour le savoir, il est utile de se placer \u00e0 un niveau m\u00e9ta int\u00e9rieur. Une telle distance int\u00e9rieure permet de bien filtrer le caract\u00e8re d'une chose. Est-ce que l'on entend la paix, la joie, la justice, la g\u00e9n\u00e9rosit\u00e9, etc. Une opinion m\u00e8ne-t-elle vers le large, vers le haut ? Ou porte-t-elle le caract\u00e8re de la confusion, du ressentiment, de l'\u00e9go\u00efsme ou de la peur ?<\/li>\n<\/ul>\n\n\n\n<p>Je suis s\u00fbr que dans l'interaction entre la direction et l'\u00e9glise adulte, nous continuerons \u00e0 bien cheminer ensemble et \u00e0 prendre de sages d\u00e9cisions guid\u00e9es par Dieu.<\/p>","protected":false},"author":4,"featured_media":0,"template":"","seetal_chile_poscht_ausgabe":[],"class_list":["post-7718","seetal_chile_poscht","type-seetal_chile_poscht","status-publish","hentry"],"acf":[],"_links":{"self":[{"href":"https:\/\/blog.seetal-chile.ch\/fr\/wp-json\/wp\/v2\/seetal_chile_poscht\/7718","targetHints":{"allow":["GET"]}}],"collection":[{"href":"https:\/\/blog.seetal-chile.ch\/fr\/wp-json\/wp\/v2\/seetal_chile_poscht"}],"about":[{"href":"https:\/\/blog.seetal-chile.ch\/fr\/wp-json\/wp\/v2\/types\/seetal_chile_poscht"}],"author":[{"embeddable":true,"href":"https:\/\/blog.seetal-chile.ch\/fr\/wp-json\/wp\/v2\/users\/4"}],"version-history":[{"count":0,"href":"https:\/\/blog.seetal-chile.ch\/fr\/wp-json\/wp\/v2\/seetal_chile_poscht\/7718\/revisions"}],"wp:attachment":[{"href":"https:\/\/blog.seetal-chile.ch\/fr\/wp-json\/wp\/v2\/media?parent=7718"}],"wp:term":[{"taxonomy":"seetal_chile_poscht_ausgabe","embeddable":true,"href":"https:\/\/blog.seetal-chile.ch\/fr\/wp-json\/wp\/v2\/seetal_chile_poscht_ausgabe?post=7718"}],"curies":[{"name":"wp","href":"https:\/\/api.w.org\/{rel}","templated":true}]}}