{"id":8004,"date":"2023-02-24T10:41:44","date_gmt":"2023-02-24T10:41:44","guid":{"rendered":"https:\/\/blog.seetal-chile.ch\/?post_type=seetal_chile_poscht&#038;p=8004"},"modified":"2023-02-24T10:42:00","modified_gmt":"2023-02-24T10:42:00","slug":"infos-zu-personen-38","status":"publish","type":"seetal_chile_poscht","link":"https:\/\/blog.seetal-chile.ch\/fr\/seetal_chile_poscht\/infos-zu-personen-38\/","title":{"rendered":"Infos sur les personnes"},"content":{"rendered":"<p><strong>Deborah Sulser <\/strong>ainsi que<strong> Tobias et Hanna Probst <\/strong>demandent \u00e0 devenir membres de seetal chile. Nous nous en r\u00e9jouissons et ouvrons ainsi le d\u00e9lai de 30 jours pendant lequel les anciens membres peuvent faire opposition.<\/p>\n\n\n\n<p>Ce d\u00e9lai de 30 jours s'est \u00e9coul\u00e9 sans dommage : <strong>Tobias &amp; Chiara Adam, Denise Pival ainsi que Daniel &amp; Eliane R\u00fcegger<\/strong>. Nous vous souhaitons la bienvenue en tant que nouveaux membres et nous nous ferons un plaisir de vous pr\u00e9senter lors de l'assembl\u00e9e g\u00e9n\u00e9rale du 2 mars, avec les 12 autres nouveaux membres de l'ann\u00e9e derni\u00e8re.<\/p>\n\n\n\n<p>La direction de l'\u00e9glise propose <strong>Daniel R\u00fcegger<\/strong> pour succ\u00e9der \u00e0 Mats Staehelin au sein de leur conseil. Lors de l'assembl\u00e9e municipale du 2 mars, cette nomination devra \u00eatre confirm\u00e9e par nos membres.<\/p>\n\n\n\n<p><strong>Martin von Schoultz<\/strong> \u00e9crit : \"Les d\u00e9s sont enfin jet\u00e9s concernant mon pays d'affectation. Je vais me rendre dans les <strong>Nord de l'Irak (Kurdistan)<\/strong> partir en voyage. Mon envoi aura lieu lors du culte du 2 avril\". Tinu cherche d'autres personnes pour le soutenir financi\u00e8rement. Actuellement, il lui manque encore 600 francs par mois. Si tu as \u00e0 c\u0153ur de le soutenir de cette mani\u00e8re, tu peux t'adresser \u00e0 lui ou au bureau de seetal chile.<\/p>\n\n\n\n<p><strong>Chiara Adam<\/strong> vient de rejoindre l'\u00e9quipe glow Next. <strong>Stefan Walti<\/strong> passe du glow Next \u00e0 l'\u00e9quipe glow Youth. Les personnes suivantes ont quitt\u00e9 l'\u00e9quipe du bistrot : <strong>Arlette H\u00e4uselmann<\/strong>, <strong>B\u00e9atrice Nqanda, Daniel In\u00e4bnit <\/strong>et <strong>Ueli G\u00fcnter<\/strong>. Merci beaucoup pour votre engagement ! Les nouveaux membres de l'\u00e9quipe du bistrot sont <strong>Urs Hefti<\/strong> (achat), <strong>Hadassa Binggeli<\/strong> (Hygi\u00e8ne), <strong>Fabian Obrist<\/strong>, <strong>Madeleine Sch\u00e4r<\/strong>, <strong>Stephan Sager<\/strong>, <strong>Mirjam Oberholzer<\/strong>, <strong>Samuel Lustenberger<\/strong>, <strong>Noemi Abegglen<\/strong>, <strong>Christine Gloor<\/strong> et <strong>Noah Kn\u00f6dler<\/strong>. Dans la nouvelle \u00e9quipe d'accueil pour le culte du soir, on trouve <strong>Stefanie Altwegg<\/strong>, <strong>Tobias Probst<\/strong> et <strong>Seraina Staehelin<\/strong>. L'\u00e9quipe technique compte d\u00e9sormais <strong>Fabienne Hauser<\/strong>, <strong>Jasmin Salzmann<\/strong>, <strong>Tobias Adam<\/strong>, <strong>Marcel Wunderli<\/strong>, <strong>Philippe Ehrsam<\/strong>, <strong>David Kyburz<\/strong> et <strong>Manuel B\u00fcrgin<\/strong>.<\/p>","protected":false},"author":41,"featured_media":0,"template":"","seetal_chile_poscht_ausgabe":[],"class_list":["post-8004","seetal_chile_poscht","type-seetal_chile_poscht","status-publish","hentry"],"acf":[],"_links":{"self":[{"href":"https:\/\/blog.seetal-chile.ch\/fr\/wp-json\/wp\/v2\/seetal_chile_poscht\/8004","targetHints":{"allow":["GET"]}}],"collection":[{"href":"https:\/\/blog.seetal-chile.ch\/fr\/wp-json\/wp\/v2\/seetal_chile_poscht"}],"about":[{"href":"https:\/\/blog.seetal-chile.ch\/fr\/wp-json\/wp\/v2\/types\/seetal_chile_poscht"}],"author":[{"embeddable":true,"href":"https:\/\/blog.seetal-chile.ch\/fr\/wp-json\/wp\/v2\/users\/41"}],"version-history":[{"count":3,"href":"https:\/\/blog.seetal-chile.ch\/fr\/wp-json\/wp\/v2\/seetal_chile_poscht\/8004\/revisions"}],"predecessor-version":[{"id":8007,"href":"https:\/\/blog.seetal-chile.ch\/fr\/wp-json\/wp\/v2\/seetal_chile_poscht\/8004\/revisions\/8007"}],"wp:attachment":[{"href":"https:\/\/blog.seetal-chile.ch\/fr\/wp-json\/wp\/v2\/media?parent=8004"}],"wp:term":[{"taxonomy":"seetal_chile_poscht_ausgabe","embeddable":true,"href":"https:\/\/blog.seetal-chile.ch\/fr\/wp-json\/wp\/v2\/seetal_chile_poscht_ausgabe?post=8004"}],"curies":[{"name":"wp","href":"https:\/\/api.w.org\/{rel}","templated":true}]}}