{"id":8328,"date":"2023-04-28T06:48:13","date_gmt":"2023-04-28T06:48:13","guid":{"rendered":"https:\/\/blog.seetal-chile.ch\/?post_type=seetal_chile_poscht&#038;p=8328"},"modified":"2023-04-28T06:58:01","modified_gmt":"2023-04-28T06:58:01","slug":"infos-in-aller-kuerze-40","status":"publish","type":"seetal_chile_poscht","link":"https:\/\/blog.seetal-chile.ch\/fr\/seetal_chile_poscht\/infos-in-aller-kuerze-40\/","title":{"rendered":"Les infos en bref"},"content":{"rendered":"<p>Dans un mail hebdomadaire, il a \u00e9t\u00e9 annonc\u00e9 qu'\u00e0 l'avenir <strong>dans la seetal chile<\/strong> quelqu'un avec un <strong>Chiens d'assistance<\/strong> appara\u00eetra. Nous sommes heureux de pouvoir permettre \u00e0 cette personne de prendre ou de donner \u00e0 nouveau part \u00e0 notre communaut\u00e9.<\/p>\n\n\n\n<p><strong>Pour le temps d'arr\u00eat de Matthias Altwegg, toutes les pr\u00e9dications sont couvertes.<\/strong> En plus des rempla\u00e7ants connus (Daniel Bieri et Bernhard Hohl), il y a deux personnes qui pr\u00eacheront pour la premi\u00e8re fois en seetal chile. Il s'agit de Nelia Roth et Harry Graf. Notre responsable r\u00e9gional Christian Seitz et Ren\u00e9 Winkler du tsc (s\u00e9minaire th\u00e9ologique Chrischona) pr\u00eacheront chacun une fois. Le reste sera assur\u00e9 par notre pasteur C\u00e9dric Br\u00fcgger. Au bureau, nous recevons \u00e9galement le soutien qualifi\u00e9 d'une \"vieille connaissance\". Melanie Meier aide l'\u00e9quipe du bureau \u00e0 g\u00e9rer les affaires courantes gr\u00e2ce \u00e0 un g\u00e9n\u00e9reux engagement b\u00e9n\u00e9vole. Nous sommes tr\u00e8s reconnaissants pour cette solution formidable.<\/p>\n\n\n\n<p>Du groupe de travail <strong>\"Diff\u00e9rentes situations de vie\"<\/strong> Le d\u00e9sir de permettre aux gens de se connecter entre eux et d'\u00e9liminer les obstacles \u00e0 cette connexion est n\u00e9. En mai, dans la zone de <em>info egge<\/em> un point de contact a \u00e9t\u00e9 cr\u00e9\u00e9. Plus d'infos sur la mise en \u0153uvre concr\u00e8te suivront dans un blog s\u00e9par\u00e9.<\/p>","protected":false},"author":41,"featured_media":0,"template":"","seetal_chile_poscht_ausgabe":[],"class_list":["post-8328","seetal_chile_poscht","type-seetal_chile_poscht","status-publish","hentry"],"acf":[],"_links":{"self":[{"href":"https:\/\/blog.seetal-chile.ch\/fr\/wp-json\/wp\/v2\/seetal_chile_poscht\/8328","targetHints":{"allow":["GET"]}}],"collection":[{"href":"https:\/\/blog.seetal-chile.ch\/fr\/wp-json\/wp\/v2\/seetal_chile_poscht"}],"about":[{"href":"https:\/\/blog.seetal-chile.ch\/fr\/wp-json\/wp\/v2\/types\/seetal_chile_poscht"}],"author":[{"embeddable":true,"href":"https:\/\/blog.seetal-chile.ch\/fr\/wp-json\/wp\/v2\/users\/41"}],"version-history":[{"count":3,"href":"https:\/\/blog.seetal-chile.ch\/fr\/wp-json\/wp\/v2\/seetal_chile_poscht\/8328\/revisions"}],"predecessor-version":[{"id":8345,"href":"https:\/\/blog.seetal-chile.ch\/fr\/wp-json\/wp\/v2\/seetal_chile_poscht\/8328\/revisions\/8345"}],"wp:attachment":[{"href":"https:\/\/blog.seetal-chile.ch\/fr\/wp-json\/wp\/v2\/media?parent=8328"}],"wp:term":[{"taxonomy":"seetal_chile_poscht_ausgabe","embeddable":true,"href":"https:\/\/blog.seetal-chile.ch\/fr\/wp-json\/wp\/v2\/seetal_chile_poscht_ausgabe?post=8328"}],"curies":[{"name":"wp","href":"https:\/\/api.w.org\/{rel}","templated":true}]}}