{"id":8755,"date":"2023-06-23T13:26:36","date_gmt":"2023-06-23T13:26:36","guid":{"rendered":"https:\/\/blog.seetal-chile.ch\/?post_type=seetal_chile_poscht&#038;p=8755"},"modified":"2023-06-23T13:26:37","modified_gmt":"2023-06-23T13:26:37","slug":"infos-zu-personen-2","status":"publish","type":"seetal_chile_poscht","link":"https:\/\/blog.seetal-chile.ch\/fr\/seetal_chile_poscht\/infos-zu-personen-2\/","title":{"rendered":"Infos sur les personnes"},"content":{"rendered":"<p>Le 22 juin, on a <strong>Helena Olivia Ramseier<\/strong> n\u00e9e. Helena est la fille d'Alisa et de Michael Ramseier et la s\u0153ur de Johanna. Nous souhaitons \u00e0 toute la famille la b\u00e9n\u00e9diction de Dieu !<\/p>\n\n\n\n<p><strong>Rahel Gloor <\/strong>met fin \u00e0 sa collaboration dans le groupe sp\u00e9cialis\u00e9 nettoyage apr\u00e8s neuf ans. <strong>Mackenzie King <\/strong>a arr\u00eat\u00e9 en glow Kids. Un grand merci pour votre pr\u00e9cieux engagement envers notre \u00e9glise.<\/p>\n\n\n\n<p><strong>Jasmin Brunner <\/strong>fait d\u00e9sormais partie de l'\u00e9quipe de traduction. <strong>Marcel Schmid <\/strong>compl\u00e8te le groupe professionnel de nettoyage. Nous vous souhaitons un bon d\u00e9part<\/p>\n\n\n\n<p><strong>Anette et Beni Brugger<\/strong> ainsi que <strong>Tamara et Stefan R\u00f6thlisberger<\/strong> sont maintenant membres inscrits de Viva Kirche Suisse aupr\u00e8s de seetal chile. Bienvenue \u00e0 toi.<\/p>\n\n\n\n<p><strong>Melanie Hauser<\/strong> \u00e0 partir d'ao\u00fbt 2023, seule 20% sera employ\u00e9e par seetal chile. Par cons\u00e9quent, elle met fin \u00e0 sa collaboration avec les \u00e9quipes de glow Ameisli, bande et glow Youth. Elle est toujours responsable du Kigo et du plaisir des vacances. Merci beaucoup pour ton engagement envers la seetal chile.<\/p>","protected":false},"author":41,"featured_media":0,"template":"","seetal_chile_poscht_ausgabe":[],"class_list":["post-8755","seetal_chile_poscht","type-seetal_chile_poscht","status-publish","hentry"],"acf":[],"_links":{"self":[{"href":"https:\/\/blog.seetal-chile.ch\/fr\/wp-json\/wp\/v2\/seetal_chile_poscht\/8755","targetHints":{"allow":["GET"]}}],"collection":[{"href":"https:\/\/blog.seetal-chile.ch\/fr\/wp-json\/wp\/v2\/seetal_chile_poscht"}],"about":[{"href":"https:\/\/blog.seetal-chile.ch\/fr\/wp-json\/wp\/v2\/types\/seetal_chile_poscht"}],"author":[{"embeddable":true,"href":"https:\/\/blog.seetal-chile.ch\/fr\/wp-json\/wp\/v2\/users\/41"}],"version-history":[{"count":2,"href":"https:\/\/blog.seetal-chile.ch\/fr\/wp-json\/wp\/v2\/seetal_chile_poscht\/8755\/revisions"}],"predecessor-version":[{"id":8757,"href":"https:\/\/blog.seetal-chile.ch\/fr\/wp-json\/wp\/v2\/seetal_chile_poscht\/8755\/revisions\/8757"}],"wp:attachment":[{"href":"https:\/\/blog.seetal-chile.ch\/fr\/wp-json\/wp\/v2\/media?parent=8755"}],"wp:term":[{"taxonomy":"seetal_chile_poscht_ausgabe","embeddable":true,"href":"https:\/\/blog.seetal-chile.ch\/fr\/wp-json\/wp\/v2\/seetal_chile_poscht_ausgabe?post=8755"}],"curies":[{"name":"wp","href":"https:\/\/api.w.org\/{rel}","templated":true}]}}