{"id":9243,"date":"2023-11-24T08:30:28","date_gmt":"2023-11-24T08:30:28","guid":{"rendered":"https:\/\/blog.seetal-chile.ch\/?post_type=seetal_chile_poscht&#038;p=9243"},"modified":"2023-11-24T08:30:28","modified_gmt":"2023-11-24T08:30:28","slug":"infos-in-aller-kuerze-5","status":"publish","type":"seetal_chile_poscht","link":"https:\/\/blog.seetal-chile.ch\/fr\/seetal_chile_poscht\/infos-in-aller-kuerze-5\/","title":{"rendered":"Les infos en bref"},"content":{"rendered":"<p>Lors de notre assembl\u00e9e g\u00e9n\u00e9rale du 23 novembre, 58 des 212 membres \u00e9taient pr\u00e9sents et ont vot\u00e9. <strong>approuv\u00e9 \u00e0 une majorit\u00e9 \u00e9crasante le budget 2024<\/strong>. Cela signifie que l'ann\u00e9e prochaine, nous aurons besoin de dons \u00e0 hauteur de 635 000 CHF. Un montant incroyable ! En outre, la direction de l'\u00e9glise a pr\u00e9sent\u00e9 ses r\u00e9flexions sur <strong>Optimisation de l'espace dans la maison des jeunes <\/strong>ont \u00e9t\u00e9 exprim\u00e9es. Pour r\u00e9pondre au besoin croissant d'espace - surtout pour les enfants - il faudra encore quelques ajustements ou des solutions externes. Nous y travaillons !<\/p>\n\n\n\n<p>Le site <strong>Le voyage en Isra\u00ebl 2024 ne pourra pas avoir lieu<\/strong> et sera report\u00e9e d'un an. Les personnes d\u00e9j\u00e0 inscrites seront inform\u00e9es directement par Kultourreise. Plus d'infos \u00e0 venir !<\/p>\n\n\n\n<p><strong>Nous nous effor\u00e7ons de maintenir nos donn\u00e9es \u00e0 jour.<\/strong>. Il se peut toutefois que tu constates que ton anniversaire n'appara\u00eet pas sur la feuille de messe, que tu ne trouves pas une publication \u00e0 laquelle tu es abonn\u00e9 ou l'invitation \u00e0 l'AG - bien que tu sois membre - sur ton compte de messagerie. Dans un tel cas, merci de t'adresser au bureau de la seetal chile.<\/p>","protected":false},"author":4,"featured_media":0,"template":"","seetal_chile_poscht_ausgabe":[],"class_list":["post-9243","seetal_chile_poscht","type-seetal_chile_poscht","status-publish","hentry"],"acf":[],"_links":{"self":[{"href":"https:\/\/blog.seetal-chile.ch\/fr\/wp-json\/wp\/v2\/seetal_chile_poscht\/9243","targetHints":{"allow":["GET"]}}],"collection":[{"href":"https:\/\/blog.seetal-chile.ch\/fr\/wp-json\/wp\/v2\/seetal_chile_poscht"}],"about":[{"href":"https:\/\/blog.seetal-chile.ch\/fr\/wp-json\/wp\/v2\/types\/seetal_chile_poscht"}],"author":[{"embeddable":true,"href":"https:\/\/blog.seetal-chile.ch\/fr\/wp-json\/wp\/v2\/users\/4"}],"version-history":[{"count":3,"href":"https:\/\/blog.seetal-chile.ch\/fr\/wp-json\/wp\/v2\/seetal_chile_poscht\/9243\/revisions"}],"predecessor-version":[{"id":9246,"href":"https:\/\/blog.seetal-chile.ch\/fr\/wp-json\/wp\/v2\/seetal_chile_poscht\/9243\/revisions\/9246"}],"wp:attachment":[{"href":"https:\/\/blog.seetal-chile.ch\/fr\/wp-json\/wp\/v2\/media?parent=9243"}],"wp:term":[{"taxonomy":"seetal_chile_poscht_ausgabe","embeddable":true,"href":"https:\/\/blog.seetal-chile.ch\/fr\/wp-json\/wp\/v2\/seetal_chile_poscht_ausgabe?post=9243"}],"curies":[{"name":"wp","href":"https:\/\/api.w.org\/{rel}","templated":true}]}}