{"id":10845,"date":"2025-05-30T08:56:48","date_gmt":"2025-05-30T06:56:48","guid":{"rendered":"https:\/\/blog.seetal-chile.ch\/?post_type=seetal_chile_poscht&#038;p=10845"},"modified":"2025-05-30T08:56:49","modified_gmt":"2025-05-30T06:56:49","slug":"liebe-freunde-der-seetal-chile-23","status":"publish","type":"seetal_chile_poscht","link":"https:\/\/blog.seetal-chile.ch\/it\/seetal_chile_poscht\/liebe-freunde-der-seetal-chile-23\/","title":{"rendered":"Cari amici di seetal chile"},"content":{"rendered":"<p>Da qualche tempo, nell'area d'ingresso dell'seetal chile, presso l'info egge, c'\u00e8 uno scaffale con fili e stoffe divertenti: qualcuno potrebbe chiedersi di cosa si tratti. Altri, invece, danno una mano di tanto in tanto. Ci\u00f2 che si \u00e8 evoluto in modo colorato nel corso dei mesi \u00e8 un telaio per la tessitura. Questo simboleggia il tempo trascorso come seguace di Ges\u00f9 qui sulla terra. Ges\u00f9 \u00e8 tornato da suo Padre e ora sta preparando le case per i suoi seguaci. Questi ultimi, a loro volta, tessono un arazzo con le loro vite. In altre parole, orientano la loro vita verso Ges\u00f9 Cristo e cercano di plasmare la loro esistenza intorno a lui. L'obiettivo non \u00e8 guadagnarsi il riconoscimento di Ges\u00f9 Cristo con il proprio stile di vita, ma piuttosto le azioni, gli atti e l'essere di un seguace di Ges\u00f9 riflettono la relazione con Ges\u00f9. \u00c8 un risultato della relazione.<\/p>\n\n\n\n<p>Abbiamo viaggiato per cinque mesi con il nostro tema annuale \"EIFACH muetig - con Ges\u00f9 come modello\". In quali ambiti hai gi\u00e0 fatto dei passi avanti nel tuo discepolato? C'\u00e8 qualcosa di nuovo in arrivo? Il telaio per tessere serve proprio a questo. Puoi tessere un pezzo di tessuto come segno del tuo passo di fede. Questa visualizzazione pu\u00f2 aiutarti ad avere un approccio pi\u00f9 olistico, ovvero a tessere simbolicamente la decisione interiore che proviene dai tuoi sentimenti (cuore) e dalla tua mente (testa) (mano).<\/p>\n\n\n\n<p>L'argomento che ho in mente da molto tempo \u00e8 la serenit\u00e0. Spesso mi manca, soprattutto quando ho a che fare con le persone pi\u00f9 vicine a me. Un passo concreto che ho fatto in questo senso \u00e8 stato quello di mettere via il mio cellulare con maggiore costanza. Di conseguenza, vivo di pi\u00f9 nel qui e ora, vado a letto prima e, come effetto collaterale, noto che una leggera serenit\u00e0 si fa sentire nella mia vita... Questo \u00e8 il modo in cui intreccio la mia vita: tu dove la intrecci?<\/p>\n\n\n\n<p>La cosa bella di questo progetto comune \u00e8 che mi ricorda che non sto viaggiando da solo. Ci sono altre persone che stanno facendo questo percorso. Che a volte fanno piccoli, a volte grandi passi nel loro discepolato. Alla fine, viene creato un bellissimo tappeto colorato, un capolavoro alla gloria di Dio.<\/p>","protected":false},"author":41,"featured_media":0,"template":"","seetal_chile_poscht_ausgabe":[102],"class_list":["post-10845","seetal_chile_poscht","type-seetal_chile_poscht","status-publish","hentry","seetal_chile_poscht_ausgabe-seetal-chile-poscht-06-2025-73240253-3479-46f2-8e56-d7fc5aa4dff1"],"acf":[],"_links":{"self":[{"href":"https:\/\/blog.seetal-chile.ch\/it\/wp-json\/wp\/v2\/seetal_chile_poscht\/10845","targetHints":{"allow":["GET"]}}],"collection":[{"href":"https:\/\/blog.seetal-chile.ch\/it\/wp-json\/wp\/v2\/seetal_chile_poscht"}],"about":[{"href":"https:\/\/blog.seetal-chile.ch\/it\/wp-json\/wp\/v2\/types\/seetal_chile_poscht"}],"author":[{"embeddable":true,"href":"https:\/\/blog.seetal-chile.ch\/it\/wp-json\/wp\/v2\/users\/41"}],"version-history":[{"count":1,"href":"https:\/\/blog.seetal-chile.ch\/it\/wp-json\/wp\/v2\/seetal_chile_poscht\/10845\/revisions"}],"predecessor-version":[{"id":10846,"href":"https:\/\/blog.seetal-chile.ch\/it\/wp-json\/wp\/v2\/seetal_chile_poscht\/10845\/revisions\/10846"}],"wp:attachment":[{"href":"https:\/\/blog.seetal-chile.ch\/it\/wp-json\/wp\/v2\/media?parent=10845"}],"wp:term":[{"taxonomy":"seetal_chile_poscht_ausgabe","embeddable":true,"href":"https:\/\/blog.seetal-chile.ch\/it\/wp-json\/wp\/v2\/seetal_chile_poscht_ausgabe?post=10845"}],"curies":[{"name":"wp","href":"https:\/\/api.w.org\/{rel}","templated":true}]}}