{"id":11610,"date":"2026-02-27T07:48:36","date_gmt":"2026-02-27T06:48:36","guid":{"rendered":"https:\/\/blog.seetal-chile.ch\/?post_type=seetal_chile_poscht&#038;p=11610"},"modified":"2026-02-27T07:48:36","modified_gmt":"2026-02-27T06:48:36","slug":"kleingruppen-konkret-boxenstopp","status":"publish","type":"seetal_chile_poscht","link":"https:\/\/blog.seetal-chile.ch\/ru\/seetal_chile_poscht\/kleingruppen-konkret-boxenstopp\/","title":{"rendered":"Kleingruppen konkret \u2013 Boxenstopp"},"content":{"rendered":"<p>\u041d\u0430\u0448\u0438 \u043c\u0430\u043b\u044b\u0435 \u0433\u0440\u0443\u043f\u043f\u044b \u043d\u0430\u0447\u0438\u043d\u0430\u044e\u0442 \u043d\u043e\u0432\u044b\u0439 \u0446\u0438\u043a\u043b \u043f\u043e\u0441\u043b\u0435 \u0432\u0435\u0441\u0435\u043d\u043d\u0438\u0445 \u043a\u0430\u043d\u0438\u043a\u0443\u043b. \u041c\u0430\u0440\u0442 - \u044d\u0442\u043e \u043f\u0438\u0442-\u0441\u0442\u043e\u043f, \u0432\u043e \u0432\u0440\u0435\u043c\u044f \u043a\u043e\u0442\u043e\u0440\u043e\u0433\u043e \u0442\u044b \u043c\u043e\u0436\u0435\u0448\u044c \u0437\u0430\u043f\u0438\u0441\u0430\u0442\u044c\u0441\u044f \u0432 \u043c\u0430\u043b\u0443\u044e \u0433\u0440\u0443\u043f\u043f\u0443.<\/p>\n\n\n\n<p>Unsere Kleingruppen erf\u00fcllen einen zweifachen Zweck: Sie sollen eine \u00fcberschaubare geistliche Heimat in einer gr\u00f6sseren Kirche bieten und einzelne Menschen in ihrem Wachstum in der Nachfolge unterst\u00fctzen. Der Name KGK (Kleingruppe konkret) kommt daher, dass wir konkrete Schritte in der Nachfolge tun wollen.<\/p>\n\n\n\n<p>Wenn du das auch willst und bereit bist, mindestens ein Jahr lang die daf\u00fcr n\u00f6tige Verbindlichkeit und Offenheit zu leben, solltest du dich bis am 25. M\u00e4rz 2026 f\u00fcr unsere Kleingruppen konkret anmelden. Der \u00abStandardtag\u00bb f\u00fcr die Treffen ist der Dienstag. Falls dir dieser Wochentag nicht passen sollte, schreibe auf dem Anmeldeformular doch deine M\u00f6glichkeiten auf. Der Start in die neue Runde erfolgt am 28. April 2026.<\/p>\n\n\n\n<p>\u0412\u043e\u0442 \u0443\u0436\u0435 \u043d\u0435\u0441\u043a\u043e\u043b\u044c\u043a\u043e \u043b\u0435\u0442 \u043f\u043e\u0434\u0440\u044f\u0434 \u0442\u0430\u043a \u043d\u0430\u0437\u044b\u0432\u0430\u0435\u043c\u044b\u0439 <strong>\u0413\u0440\u0443\u043f\u043f\u0430 \u043f\u043e \u0438\u0437\u0443\u0447\u0435\u043d\u0438\u044e \u0411\u0438\u0431\u043b\u0438\u0438<\/strong> und die <strong>\u0413\u0440\u0443\u043f\u043f\u0430 \"\u041f\u044f\u044f\u0440\u043b\u0438<\/strong>. Auch diese Kleingruppen sind offen f\u00fcr neue Leute.<\/p>\n\n\n\n<p>The <strong>\u0413\u0440\u0443\u043f\u043f\u0430 \u043c\u043e\u043b\u0447\u0430\u043d\u0438\u044f<\/strong> nimmt sich unserem Jahresthema \u00abEinfach. Leise. Gegenw\u00e4rtig.\u00bb in besonderer Weise an. An diesen Abenden wird in gef\u00fchrten Stillen Zeiten gemeinsam Gott begegnet und dieser wertvolle Schatz einge\u00fcbt. Diese Gruppe ist auf ein Jahr begrenzt.<\/p>\n\n\n\n<p>\u0422\u044b \u043c\u043e\u0436\u0435\u0448\u044c \u0437\u0430\u043f\u0438\u0441\u0430\u0442\u044c\u0441\u044f \u0432 \u043d\u043e\u0432\u0443\u044e \u043c\u0430\u043b\u0443\u044e \u0433\u0440\u0443\u043f\u043f\u0443 \u0432 \u043d\u0430\u0448\u0435\u043c \u0431\u043b\u043e\u0433\u0435!<\/p>","protected":false},"author":4,"featured_media":0,"template":"","seetal_chile_poscht_ausgabe":[110],"class_list":["post-11610","seetal_chile_poscht","type-seetal_chile_poscht","status-publish","hentry","seetal_chile_poscht_ausgabe-seetal-chile-poscht-03-2026-0cdef7cc-9aa7-4d3b-9332-3afc940ec601"],"acf":[],"_links":{"self":[{"href":"https:\/\/blog.seetal-chile.ch\/ru\/wp-json\/wp\/v2\/seetal_chile_poscht\/11610","targetHints":{"allow":["GET"]}}],"collection":[{"href":"https:\/\/blog.seetal-chile.ch\/ru\/wp-json\/wp\/v2\/seetal_chile_poscht"}],"about":[{"href":"https:\/\/blog.seetal-chile.ch\/ru\/wp-json\/wp\/v2\/types\/seetal_chile_poscht"}],"author":[{"embeddable":true,"href":"https:\/\/blog.seetal-chile.ch\/ru\/wp-json\/wp\/v2\/users\/4"}],"version-history":[{"count":1,"href":"https:\/\/blog.seetal-chile.ch\/ru\/wp-json\/wp\/v2\/seetal_chile_poscht\/11610\/revisions"}],"predecessor-version":[{"id":11611,"href":"https:\/\/blog.seetal-chile.ch\/ru\/wp-json\/wp\/v2\/seetal_chile_poscht\/11610\/revisions\/11611"}],"wp:attachment":[{"href":"https:\/\/blog.seetal-chile.ch\/ru\/wp-json\/wp\/v2\/media?parent=11610"}],"wp:term":[{"taxonomy":"seetal_chile_poscht_ausgabe","embeddable":true,"href":"https:\/\/blog.seetal-chile.ch\/ru\/wp-json\/wp\/v2\/seetal_chile_poscht_ausgabe?post=11610"}],"curies":[{"name":"wp","href":"https:\/\/api.w.org\/{rel}","templated":true}]}}